{"id":1470,"date":"2022-05-05T15:15:17","date_gmt":"2022-05-05T13:15:17","guid":{"rendered":"https:\/\/geska.brandneu.ch\/recipe\/knopfli-au-serac-spatzli-au-serac\/"},"modified":"2024-07-24T09:36:51","modified_gmt":"2024-07-24T07:36:51","slug":"knopfli-au-serac-spatzli-au-serac","status":"publish","type":"recipe","link":"https:\/\/schabziger.ch\/fr\/recipe\/knopfli-au-serac-spatzli-au-serac\/","title":{"rendered":"Kn\u00f6pfli au s\u00e9rac &#8211; Sp\u00e4tzli au s\u00e9rac"},"content":{"rendered":"\n<h3 class=\"wp-block-heading\">pour une p\u00e2te \u00e0 tarte\/sp\u00e4tzli<\/h3>\n\n\n\n<ul class=\"wp-block-list\">\n<li>500 g de farine blanche<\/li>\n\n\n\n<li>3 \u0153ufs<\/li>\n\n\n\n<li>env. 1 dl \/ 100 ml de lait<\/li>\n\n\n\n<li>env. 2 dl \/ 200 ml d&rsquo;eau<\/li>\n\n\n\n<li>1 pinc\u00e9e de sel<\/li>\n\n\n\n<li>0 g de schabziger, r\u00e2p\u00e9<\/li>\n\n\n\n<li>1 cuill\u00e8re \u00e0 soupe de beurre \u00e0 r\u00f4tir<\/li>\n\n\n\n<li>4 feuilles de chou fris\u00e9 \/ chou de Milan<\/li>\n\n\n\n<li>1 oignon moyen, coup\u00e9 en petits d\u00e9s<\/li>\n\n\n\n<li>2 pommes acidul\u00e9es \u00e0 joues rouges<\/li>\n\n\n\n<li>1 cs de grains de poivre rose<\/li>\n<\/ul>\n\n\n\n<div style=\"height:48px\" aria-hidden=\"true\" class=\"wp-block-spacer\"><\/div>\n\n\n\n<h3 class=\"wp-block-heading\">Voici comment proc\u00e9der<\/h3>\n\n\n\n<ol class=\"wp-block-list\">\n<li>Faire revenir les oignons avec l&rsquo;ail dans le beurre jusqu&rsquo;\u00e0 ce qu&rsquo;ils soient translucides, ajouter le bouillon de l\u00e9gumes et le lait, porter \u00e0 \u00e9bullition, ajouter la semoule de ma\u00efs, saler et poivrer. Faire gonfler la polenta dans la casserole avec couvercle ou dans un bol avec couvercle au four pr\u00e9chauff\u00e9 \u00e0 120\u00b0C pendant 1 heure.<\/li>\n<\/ol>\n\n\n\n<ol class=\"wp-block-list\">\n<li>Pour la p\u00e2te \u00e0 kn\u00f6pflis, m\u00e9langer la farine, les \u0153ufs, le lait, l&rsquo;eau et le sel jusqu&rsquo;\u00e0 obtention d&rsquo;une p\u00e2te lisse, puis battre la p\u00e2te jusqu&rsquo;\u00e0 ce qu&rsquo;elle fasse des bulles. Pour les kn\u00f6pfli, la p\u00e2te ne doit pas \u00eatre trop \u00e9paisse. Couvrir et laisser reposer pendant 30 minutes ou plus.<\/li>\n\n\n\n<li>Couper les pommes en quatre avec la peau et les \u00e9p\u00e9piner, couper les quartiers de fruits en fines lamelles. Retirer la nervure centrale des feuilles de chou, couper les feuilles en carr\u00e9s. Faire revenir le chou dans le beurre \u00e0 r\u00f4tir jusqu&rsquo;\u00e0 ce qu&rsquo;il soit l\u00e9g\u00e8rement color\u00e9, ajouter les oignons et les pommes et faire revenir bri\u00e8vement, puis incorporer le poivre rose.<\/li>\n\n\n\n<li>Pr\u00e9chauffez le four \u00e0 100 degr\u00e9s.<\/li>\n\n\n\n<li>Dans une grande casserole, faire chauffer une grande quantit\u00e9 d&rsquo;eau sal\u00e9e. Verser la p\u00e2te par portions dans la passoire \u00e0 kn\u00f6pflis et l&rsquo;\u00e9taler dans l&rsquo;eau bouillante. Lorsque les kn\u00f6pfli remontent \u00e0 la surface, les retirer \u00e0 l&rsquo;aide d&rsquo;une \u00e9cumoire, les verser en couches dans un plat \u00e0 gratin graiss\u00e9 avec le m\u00e9lange de l\u00e9gumes et de pommes et le fromage de montagne r\u00e2p\u00e9, puis les r\u00e9server au chaud dans le four. Avant de servir, saupoudrer de schabziger r\u00e2p\u00e9.<\/li>\n<\/ol>\n\n\n\n<div style=\"height:8px\" aria-hidden=\"true\" class=\"wp-block-spacer\"><\/div>\n\n\n\n<p><strong>Conseils<\/strong><br>Fonctionne aussi avec des sp\u00e4tzli \/ kn\u00f6pfli achet\u00e9s en magasin<br>Servir avec une compote de pommes ou une salade verte color\u00e9e.<\/p>\n","protected":false},"excerpt":{"rendered":"<p>pour une p\u00e2te \u00e0 tarte\/sp\u00e4tzli Voici comment proc\u00e9der ConseilsFonctionne aussi avec des sp\u00e4tzli \/ kn\u00f6pfli achet\u00e9s en magasinServir avec une compote de pommes ou une salade verte color\u00e9e.<\/p>\n","protected":false},"featured_media":1116,"template":"","categories":[31,1],"class_list":["post-1470","recipe","type-recipe","status-publish","has-post-thumbnail","hentry","category-stoeckli-fr","category-zibu"],"acf":[],"yoast_head":"<!-- This site is optimized with the Yoast SEO plugin v27.5 - https:\/\/yoast.com\/product\/yoast-seo-wordpress\/ -->\n<title>Kn\u00f6pfli au s\u00e9rac - Sp\u00e4tzli au s\u00e9rac - Schabziger<\/title>\n<meta name=\"robots\" content=\"index, follow, max-snippet:-1, max-image-preview:large, max-video-preview:-1\" \/>\n<link rel=\"canonical\" href=\"https:\/\/schabziger.ch\/fr\/recipe\/knopfli-au-serac-spatzli-au-serac\/\" \/>\n<meta property=\"og:locale\" content=\"fr_FR\" \/>\n<meta property=\"og:type\" content=\"article\" \/>\n<meta property=\"og:title\" content=\"Kn\u00f6pfli au s\u00e9rac - Sp\u00e4tzli au s\u00e9rac - Schabziger\" \/>\n<meta property=\"og:description\" content=\"pour une p\u00e2te \u00e0 tarte\/sp\u00e4tzli Voici comment proc\u00e9der ConseilsFonctionne aussi avec des sp\u00e4tzli \/ kn\u00f6pfli achet\u00e9s en magasinServir avec une compote de pommes ou une salade verte color\u00e9e.\" \/>\n<meta property=\"og:url\" content=\"https:\/\/schabziger.ch\/fr\/recipe\/knopfli-au-serac-spatzli-au-serac\/\" \/>\n<meta property=\"og:site_name\" content=\"Schabziger\" \/>\n<meta property=\"article:modified_time\" content=\"2024-07-24T07:36:51+00:00\" \/>\n<meta property=\"og:image\" content=\"https:\/\/schabziger.ch\/wp-content\/uploads\/2022\/05\/schaziger-knoepfli-pf.jpg\" \/>\n\t<meta property=\"og:image:width\" content=\"800\" \/>\n\t<meta property=\"og:image:height\" content=\"1067\" \/>\n\t<meta property=\"og:image:type\" content=\"image\/jpeg\" \/>\n<meta name=\"twitter:card\" content=\"summary_large_image\" \/>\n<meta name=\"twitter:label1\" content=\"Dur\u00e9e de lecture estim\u00e9e\" \/>\n\t<meta name=\"twitter:data1\" content=\"3 minutes\" \/>\n<script type=\"application\/ld+json\" class=\"yoast-schema-graph\">{\"@context\":\"https:\\\/\\\/schema.org\",\"@graph\":[{\"@type\":\"WebPage\",\"@id\":\"https:\\\/\\\/schabziger.ch\\\/fr\\\/recipe\\\/knopfli-au-serac-spatzli-au-serac\\\/\",\"url\":\"https:\\\/\\\/schabziger.ch\\\/fr\\\/recipe\\\/knopfli-au-serac-spatzli-au-serac\\\/\",\"name\":\"Kn\u00f6pfli au s\u00e9rac - Sp\u00e4tzli au s\u00e9rac - Schabziger\",\"isPartOf\":{\"@id\":\"https:\\\/\\\/schabziger.ch\\\/fr\\\/#website\"},\"primaryImageOfPage\":{\"@id\":\"https:\\\/\\\/schabziger.ch\\\/fr\\\/recipe\\\/knopfli-au-serac-spatzli-au-serac\\\/#primaryimage\"},\"image\":{\"@id\":\"https:\\\/\\\/schabziger.ch\\\/fr\\\/recipe\\\/knopfli-au-serac-spatzli-au-serac\\\/#primaryimage\"},\"thumbnailUrl\":\"https:\\\/\\\/schabziger.ch\\\/wp-content\\\/uploads\\\/2022\\\/05\\\/schaziger-knoepfli-pf.jpg\",\"datePublished\":\"2022-05-05T13:15:17+00:00\",\"dateModified\":\"2024-07-24T07:36:51+00:00\",\"breadcrumb\":{\"@id\":\"https:\\\/\\\/schabziger.ch\\\/fr\\\/recipe\\\/knopfli-au-serac-spatzli-au-serac\\\/#breadcrumb\"},\"inLanguage\":\"fr-FR\",\"potentialAction\":[{\"@type\":\"ReadAction\",\"target\":[\"https:\\\/\\\/schabziger.ch\\\/fr\\\/recipe\\\/knopfli-au-serac-spatzli-au-serac\\\/\"]}]},{\"@type\":\"ImageObject\",\"inLanguage\":\"fr-FR\",\"@id\":\"https:\\\/\\\/schabziger.ch\\\/fr\\\/recipe\\\/knopfli-au-serac-spatzli-au-serac\\\/#primaryimage\",\"url\":\"https:\\\/\\\/schabziger.ch\\\/wp-content\\\/uploads\\\/2022\\\/05\\\/schaziger-knoepfli-pf.jpg\",\"contentUrl\":\"https:\\\/\\\/schabziger.ch\\\/wp-content\\\/uploads\\\/2022\\\/05\\\/schaziger-knoepfli-pf.jpg\",\"width\":800,\"height\":1067},{\"@type\":\"BreadcrumbList\",\"@id\":\"https:\\\/\\\/schabziger.ch\\\/fr\\\/recipe\\\/knopfli-au-serac-spatzli-au-serac\\\/#breadcrumb\",\"itemListElement\":[{\"@type\":\"ListItem\",\"position\":1,\"name\":\"Startseite\",\"item\":\"https:\\\/\\\/schabziger.ch\\\/fr\\\/\"},{\"@type\":\"ListItem\",\"position\":2,\"name\":\"Rezept\",\"item\":\"https:\\\/\\\/schabziger.ch\\\/fr\\\/recipe\\\/\"},{\"@type\":\"ListItem\",\"position\":3,\"name\":\"Kn\u00f6pfli au s\u00e9rac &#8211; Sp\u00e4tzli au s\u00e9rac\"}]},{\"@type\":\"WebSite\",\"@id\":\"https:\\\/\\\/schabziger.ch\\\/fr\\\/#website\",\"url\":\"https:\\\/\\\/schabziger.ch\\\/fr\\\/\",\"name\":\"Schabziger\",\"description\":\"Uurw\u00fcrzig guet\",\"potentialAction\":[{\"@type\":\"SearchAction\",\"target\":{\"@type\":\"EntryPoint\",\"urlTemplate\":\"https:\\\/\\\/schabziger.ch\\\/fr\\\/?s={search_term_string}\"},\"query-input\":{\"@type\":\"PropertyValueSpecification\",\"valueRequired\":true,\"valueName\":\"search_term_string\"}}],\"inLanguage\":\"fr-FR\"}]}<\/script>\n<!-- \/ Yoast SEO plugin. -->","yoast_head_json":{"title":"Kn\u00f6pfli au s\u00e9rac - Sp\u00e4tzli au s\u00e9rac - Schabziger","robots":{"index":"index","follow":"follow","max-snippet":"max-snippet:-1","max-image-preview":"max-image-preview:large","max-video-preview":"max-video-preview:-1"},"canonical":"https:\/\/schabziger.ch\/fr\/recipe\/knopfli-au-serac-spatzli-au-serac\/","og_locale":"fr_FR","og_type":"article","og_title":"Kn\u00f6pfli au s\u00e9rac - Sp\u00e4tzli au s\u00e9rac - Schabziger","og_description":"pour une p\u00e2te \u00e0 tarte\/sp\u00e4tzli Voici comment proc\u00e9der ConseilsFonctionne aussi avec des sp\u00e4tzli \/ kn\u00f6pfli achet\u00e9s en magasinServir avec une compote de pommes ou une salade verte color\u00e9e.","og_url":"https:\/\/schabziger.ch\/fr\/recipe\/knopfli-au-serac-spatzli-au-serac\/","og_site_name":"Schabziger","article_modified_time":"2024-07-24T07:36:51+00:00","og_image":[{"width":800,"height":1067,"url":"https:\/\/schabziger.ch\/wp-content\/uploads\/2022\/05\/schaziger-knoepfli-pf.jpg","type":"image\/jpeg"}],"twitter_card":"summary_large_image","twitter_misc":{"Dur\u00e9e de lecture estim\u00e9e":"3 minutes"},"schema":{"@context":"https:\/\/schema.org","@graph":[{"@type":"WebPage","@id":"https:\/\/schabziger.ch\/fr\/recipe\/knopfli-au-serac-spatzli-au-serac\/","url":"https:\/\/schabziger.ch\/fr\/recipe\/knopfli-au-serac-spatzli-au-serac\/","name":"Kn\u00f6pfli au s\u00e9rac - Sp\u00e4tzli au s\u00e9rac - Schabziger","isPartOf":{"@id":"https:\/\/schabziger.ch\/fr\/#website"},"primaryImageOfPage":{"@id":"https:\/\/schabziger.ch\/fr\/recipe\/knopfli-au-serac-spatzli-au-serac\/#primaryimage"},"image":{"@id":"https:\/\/schabziger.ch\/fr\/recipe\/knopfli-au-serac-spatzli-au-serac\/#primaryimage"},"thumbnailUrl":"https:\/\/schabziger.ch\/wp-content\/uploads\/2022\/05\/schaziger-knoepfli-pf.jpg","datePublished":"2022-05-05T13:15:17+00:00","dateModified":"2024-07-24T07:36:51+00:00","breadcrumb":{"@id":"https:\/\/schabziger.ch\/fr\/recipe\/knopfli-au-serac-spatzli-au-serac\/#breadcrumb"},"inLanguage":"fr-FR","potentialAction":[{"@type":"ReadAction","target":["https:\/\/schabziger.ch\/fr\/recipe\/knopfli-au-serac-spatzli-au-serac\/"]}]},{"@type":"ImageObject","inLanguage":"fr-FR","@id":"https:\/\/schabziger.ch\/fr\/recipe\/knopfli-au-serac-spatzli-au-serac\/#primaryimage","url":"https:\/\/schabziger.ch\/wp-content\/uploads\/2022\/05\/schaziger-knoepfli-pf.jpg","contentUrl":"https:\/\/schabziger.ch\/wp-content\/uploads\/2022\/05\/schaziger-knoepfli-pf.jpg","width":800,"height":1067},{"@type":"BreadcrumbList","@id":"https:\/\/schabziger.ch\/fr\/recipe\/knopfli-au-serac-spatzli-au-serac\/#breadcrumb","itemListElement":[{"@type":"ListItem","position":1,"name":"Startseite","item":"https:\/\/schabziger.ch\/fr\/"},{"@type":"ListItem","position":2,"name":"Rezept","item":"https:\/\/schabziger.ch\/fr\/recipe\/"},{"@type":"ListItem","position":3,"name":"Kn\u00f6pfli au s\u00e9rac &#8211; Sp\u00e4tzli au s\u00e9rac"}]},{"@type":"WebSite","@id":"https:\/\/schabziger.ch\/fr\/#website","url":"https:\/\/schabziger.ch\/fr\/","name":"Schabziger","description":"Uurw\u00fcrzig guet","potentialAction":[{"@type":"SearchAction","target":{"@type":"EntryPoint","urlTemplate":"https:\/\/schabziger.ch\/fr\/?s={search_term_string}"},"query-input":{"@type":"PropertyValueSpecification","valueRequired":true,"valueName":"search_term_string"}}],"inLanguage":"fr-FR"}]}},"_links":{"self":[{"href":"https:\/\/schabziger.ch\/fr\/wp-json\/wp\/v2\/recipe\/1470","targetHints":{"allow":["GET"]}}],"collection":[{"href":"https:\/\/schabziger.ch\/fr\/wp-json\/wp\/v2\/recipe"}],"about":[{"href":"https:\/\/schabziger.ch\/fr\/wp-json\/wp\/v2\/types\/recipe"}],"version-history":[{"count":2,"href":"https:\/\/schabziger.ch\/fr\/wp-json\/wp\/v2\/recipe\/1470\/revisions"}],"predecessor-version":[{"id":3329,"href":"https:\/\/schabziger.ch\/fr\/wp-json\/wp\/v2\/recipe\/1470\/revisions\/3329"}],"wp:featuredmedia":[{"embeddable":true,"href":"https:\/\/schabziger.ch\/fr\/wp-json\/wp\/v2\/media\/1116"}],"wp:attachment":[{"href":"https:\/\/schabziger.ch\/fr\/wp-json\/wp\/v2\/media?parent=1470"}],"wp:term":[{"taxonomy":"category","embeddable":true,"href":"https:\/\/schabziger.ch\/fr\/wp-json\/wp\/v2\/categories?post=1470"}],"curies":[{"name":"wp","href":"https:\/\/api.w.org\/{rel}","templated":true}]}}