{"id":1369,"date":"2022-05-09T15:49:25","date_gmt":"2022-05-09T13:49:25","guid":{"rendered":"https:\/\/geska.brandneu.ch\/actualites\/"},"modified":"2023-04-11T07:23:04","modified_gmt":"2023-04-11T05:23:04","slug":"actualites","status":"publish","type":"page","link":"https:\/\/schabziger.ch\/fr\/actualites\/","title":{"rendered":"Actualit\u00e9s"},"content":{"rendered":"\n<h1 class=\"wp-block-heading\">Les derni\u00e8res<br>nouvelles de Glaris<\/h1>\n\n\n\n<section class=\"white\">\n\t<div class=\"content max\">\n\t\t\t\n\n\n\n<\/div><div class=\"content max posts\" style=\"margin-top:0\"><select oninput=\"location.href = '\/news\/?Y='+this.value\"><option value=\"\">Filtrer selon les ann\u00e9es<\/option><option value=\"\">Tout afficher<\/option><option >2026<\/option><option >2025<\/option><option >2024<\/option><option >2023<\/option><option >2022<\/option><option >2021<\/option><option >2020<\/option><option >2019<\/option><option >2018<\/option><option >2017<\/option><option >2016<\/option><\/select><\/div><div class=\"content max posts m-1\">\n\t\t\t<a style=\"background:none\">\t\n\t\t\t\t<figure style=\"background:url(\/wp-content\/uploads\/2023\/04\/News_Glaris.svg);background-size:contain;background-repeat: no-repeat;\"><\/figure>\n\t\t\t<\/a>\n\t\t\n\t\t\t<a href=\"https:\/\/schabziger.ch\/fr\/le-schabziger-glaronnais-au-musee-national-de-lindustrie-laitiere-a-kiesen\/\" style=\"\/\" class=\"\">\n\t\t\t\t<figure style=\"background-image:url(https:\/\/schabziger.ch\/wp-content\/uploads\/2026\/04\/2604_GESKA_Newsbeitrag_Bilder_2560x1920_Ausstellung_Zigerriibi_1-scaled.jpg)\" title=\"Le schabziger glaronnais au Mus\u00e9e national de l&rsquo;industrie laiti\u00e8re \u00e0 Kiesen\"><\/figure>\n\t\t\t\t<small>24 avril 2026<\/small>\n\t\t\t\t<span>Plus de 560 ans de tradition \u00e0 port\u00e9e de mainLe Mus\u00e9e national de l&rsquo;industrie laiti\u00e8re pr\u00e9sente actuellement une exposition sp\u00e9ciale consacr\u00e9e au schabziger glaronnais. Les visiteurs y d\u00e9couvriront des aspects passionnants de notre histoire de plus de 560 ans ainsi que la fabrication et le d\u00e9veloppement de notre produit de marque suisse unique. L&rsquo;un des [&hellip;]<\/span>\n\t\t\t\t<span>Continuer la lecture<\/span>\n\t\t\t<\/a>\n\t\t\n\t\t\t<a href=\"https:\/\/schabziger.ch\/fr\/zibu-pour-leternite\/\" style=\"\" class=\"\">\n\t\t\t\t<figure style=\"background-image:url(https:\/\/schabziger.ch\/wp-content\/uploads\/2025\/11\/Bildschirmfoto-2025-11-24-um-10.19.03-scaled.png)\" title=\"Zibu pour l&rsquo;\u00e9ternit\u00e9 &#8211; Portrait du taureau vainqueur remis au roi de l&rsquo;ESAF Armon Orlik\"><\/figure>\n\t\t\t\t<small>24 novembre 2025<\/small>\n\t\t\t\t<span>Nous avons v\u00e9cu un moment tr\u00e8s sp\u00e9cial dans nos locaux : le roi de la lutte Armon Orlik a re\u00e7u le portrait de son taureau vainqueur Zibu, non pas sous la forme d&rsquo;un taureau vivant, mais sous celle d&rsquo;une \u0153uvre d&rsquo;art durable. En collaboration avec l&rsquo;artiste Susanne von Aarburg de Kaltbrunn, nous lui avons remis [&hellip;]<\/span>\n\t\t\t\t<span>Continuer la lecture<\/span>\n\t\t\t<\/a>\n\t\t\n\t\t\t<a href=\"https:\/\/schabziger.ch\/fr\/quelle-fete-retour-sur-lffls-2025-pays-de-glaris-avec-zibu-zigerbruut\/\" style=\"\" class=\"\">\n\t\t\t\t<figure style=\"background-image:url(https:\/\/schabziger.ch\/wp-content\/uploads\/2025\/09\/2501_GESKA_Newsbeitrag_Rueckblick_ESAF_2560x1920_Ansicht-scaled.jpg)\" title=\"Quelle f\u00eate! Retour sur l\u2019FFLS 2025 pays de Glaris+ avec Zibu &amp; Zigerbr\u00fc\u00fct.\"><\/figure>\n\t\t\t\t<small>5 septembre 2025<\/small>\n\t\t\t\t<span>Trois jours, des milliers de visiteurs enthousiastes et une f\u00eate de lutte suisse exceptionnelle: l\u2019FFLS 2025 pays de Glaris+ a \u00e9t\u00e9 une exp\u00e9rience inoubliable. Et au c\u0153ur de l\u2019\u00e9v\u00e9nement: le Glarner Schabziger et Zibu, le taureau vainqueur pesant plus de 1,3 tonne. En tant que fier partenaire municipal, nous pouvons dire que ce fut un [&hellip;]<\/span>\n\t\t\t\t<span>Continuer la lecture<\/span>\n\t\t\t<\/a>\n\t\t\n\t\t\t<a href=\"https:\/\/schabziger.ch\/fr\/affluence-record-pour-le-concours-du-ffls-2025-pays-de-glaris-les-gagnant%c2%b7e%c2%b7s-sont-designe%c2%b7e%c2%b7s\/\" style=\"\" class=\"\">\n\t\t\t\t<figure style=\"background-image:url(https:\/\/schabziger.ch\/wp-content\/uploads\/2025\/07\/IMG_7695_bearbeitet_Website_Ansicht.jpg)\" title=\"Affluence record pour le concours du FFLS 2025 Pays de Glaris \u2013 Les gagnant\u00b7e\u00b7s sont d\u00e9sign\u00e9\u00b7e\u00b7s!\"><\/figure>\n\t\t\t\t<small>31 juillet 2025<\/small>\n\t\t\t\t<span>Le compte \u00e0 rebours pour la F\u00eate f\u00e9d\u00e9rale de lutte suisse et des jeux alpestres (FFLS) 2025 Pays de Glaris est lanc\u00e9, et l\u2019enthousiasme est immense. \u00c0 l\u2019occasion de ce grand \u00e9v\u00e9nement unique, Glarner Schabziger a organis\u00e9 un concours palpitant \u2013 et les heureux\u00b7ses gagnant\u00b7e\u00b7s sont d\u00e9sormais connu\u00b7e\u00b7s. Avec plus de 7&rsquo;000 participant\u00b7e\u00b7s, l\u2019int\u00e9r\u00eat pour [&hellip;]<\/span>\n\t\t\t\t<span>Continuer la lecture<\/span>\n\t\t\t<\/a>\n\t\t\n\t\t\t<a href=\"https:\/\/schabziger.ch\/fr\/le-gagnant-de-lffls-2025-pays-de-glaris-muni-quiz-est-connu\/\" style=\"\" class=\"\">\n\t\t\t\t<figure style=\"background-image:url(https:\/\/schabziger.ch\/wp-content\/uploads\/2025\/07\/2501_GESKA_SoMe_Post_1080x1350_Gluecksfee_Peter_Gubser-819x1024_Ansicht.jpg)\" title=\"Le gagnant de l&rsquo;FFLS 2025 Pays de Glaris+ \u00abMuni-Quiz\u00bb est connu!\"><\/figure>\n\t\t\t\t<small>11 juillet 2025<\/small>\n\t\t\t\t<span>La f\u00e9e de la chance a tranch\u00e9: Damian F\u00e4ssler est l&rsquo;heureux gagnant du concours annuel FFLS 2025 \u00abMuni-Quiz\u00bb! Tout au long de l&rsquo;ann\u00e9e, il a particip\u00e9 aux 12 tours du quiz et a maintenant \u00e9t\u00e9 tir\u00e9 au sort parmi tous les participants. Comme prix, il recevra deux billets tr\u00e8s convoit\u00e9s pour la F\u00eate f\u00e9d\u00e9rale de [&hellip;]<\/span>\n\t\t\t\t<span>Continuer la lecture<\/span>\n\t\t\t<\/a>\n\t\t<\/div><div class=\"green dark max posts\">\n\t\t\t\t<form action=\"https:\/\/geska.us14.list-manage.com\/subscribe\/post?u=1cf5c3c9758bac2455740f2c3&amp;id=a6d7fc7fc8\" method=\"post\" target=\"_blank\">\n\t\t\t\t\t<strong>Int\u00e9ress\u00e9(e) par des nouvelles passionnantes sur notre Schabziger glaronais ?<\/strong>\n\t\t\t\t\t<span>Inscrivez-vous tout de suite pour recevoir notre newsletter !<\/span>\n\t\t\t\t\t<label>\n\t\t\t\t\t\tE-Mail-Adresse\n\t\t\t\t\t\t<input type=\"email\" name=\"EMAIL\" required>\n\t\t\t\t\t<\/label>\n\t\t\t\t\t<input type=\"submit\" value=\"S\u2019abonner \u00e0 la newsletter\">\n\t\t\t\t<\/form>\n\t\t\t<\/div><div class=\"content max posts m-1\">\n\t\t\t<a href=\"https:\/\/schabziger.ch\/fr\/le-glarner-schabziger-desormais-disponible-sous-forme-de-fromage-rape-aux-epices-en-sachet\/\" style=\"\" class=\"\">\n\t\t\t\t<figure style=\"background-image:url(https:\/\/schabziger.ch\/wp-content\/uploads\/2025\/04\/Gewuerz_Reibkease_RGB.png)\" title=\"Le Glarner Schabziger d\u00e9sormais disponible sous forme de fromage r\u00e2p\u00e9 aux \u00e9pices en sachet\"><\/figure>\n\t\t\t\t<small>27 avril 2025<\/small>\n\t\t\t\t<span>Le Glarner Schabziger, le plus ancien produit de marque au monde, \u00e9volue avec son temps et se pr\u00e9sente d\u00e8s \u00e0 pr\u00e9sent sous une nouvelle forme pratique : r\u00e2p\u00e9, pr\u00eat \u00e0 l&#8217;emploi et conditionn\u00e9 dans un sachet refermable. La sp\u00e9cialit\u00e9 traditionnelle du pays de Glaris est ainsi encore plus facile \u00e0 utiliser au quotidien &#8211; selon [&hellip;]<\/span>\n\t\t\t\t<span>Continuer la lecture<\/span>\n\t\t\t<\/a>\n\t\t\n\t\t\t<a href=\"https:\/\/schabziger.ch\/fr\/participation-ecrasante-au-concours-de-glarner-schabziger\/\" style=\"\" class=\"\">\n\t\t\t\t<figure style=\"background-image:url(https:\/\/schabziger.ch\/wp-content\/uploads\/2025\/04\/Bildschirmfoto-2025-04-08-um-15.14.29.png)\" title=\"Participation \u00e9crasante au concours de Glarner Schabziger\"><\/figure>\n\t\t\t\t<small>8 avril 2025<\/small>\n\t\t\t\t<span>Le concours du schabziger glaronnais a \u00e9t\u00e9 un grand succ\u00e8s : plus de 3200 participations t\u00e9moignent du grand int\u00e9r\u00eat et de l&rsquo;enthousiasme pour notre produit riche en traditions. Parmi tous les participants, 100 sacoches isothermes Zibu ont \u00e9t\u00e9 tir\u00e9es au sort &#8211; id\u00e9ales pour le printemps et l&rsquo;\u00e9t\u00e9 \u00e0 venir ! Les gagnants ont d\u00e9j\u00e0 [&hellip;]<\/span>\n\t\t\t\t<span>Continuer la lecture<\/span>\n\t\t\t<\/a>\n\t\t\n\t\t\t<a href=\"https:\/\/schabziger.ch\/fr\/bapteme-du-taureau-le-taureau-du-vainqueur-de-lesaf-sappelle-zibu\/\" style=\"\" class=\"\">\n\t\t\t\t<figure style=\"background-image:url(https:\/\/schabziger.ch\/wp-content\/uploads\/2023\/09\/postimg_siegermuni-zibu-esaf2025.jpg)\" title=\"Bapt\u00eame du taureau : le taureau du vainqueur de l&rsquo;FFLS 2025 s&rsquo;appelle \u00ab\u00a0ZIBU\u00a0\u00bb\"><\/figure>\n\t\t\t\t<small>1 septembre 2023<\/small>\n\t\t\t\t<span>Hier soir, \u00ab\u00a0ZIBU\u00a0\u00bb a \u00e9t\u00e9 baptis\u00e9 en pr\u00e9sence de ses marraines et parrains, la sportive glaronaise du si\u00e8cle Vreni Schneider et Eugen \u00ab\u00a0Geni\u00a0\u00bb Hasler, qui a remport\u00e9 101 couronnes, ainsi que de nombreux invit\u00e9s de marque dans la GLKB-Arena \u00e0 Glaris. Avec ses 800 kilos, il est d\u00e9j\u00e0 un poids lourd. Et il prendra encore [&hellip;]<\/span>\n\t\t\t\t<span>Continuer la lecture<\/span>\n\t\t\t<\/a>\n\t\t\n\t\t\t<a href=\"https:\/\/schabziger.ch\/fr\/communique-de-presse-du-co-de-lesaf-2025-glarnerland\/\" style=\"\" class=\"\">\n\t\t\t\t<figure style=\"background-image:url(https:\/\/schabziger.ch\/wp-content\/uploads\/2022\/04\/schabziger-munipartner.jpg)\" title=\"Communiqu\u00e9 de presse du CO de l&rsquo;ESAF 2025 Glarnerland +\"><\/figure>\n\t\t\t\t<small>21 d\u00e9cembre 2021<\/small>\n\t\t\t\t<span>Depuis l'attribution de l'organisation de la plus grande f\u00eate sportive et populaire de Suisse le jour de la Saint-Fridolin de cette ann\u00e9e, les travaux de pr\u00e9paration battent leur plein.<\/span>\n\t\t\t\t<span>Continuer la lecture<\/span>\n\t\t\t<\/a>\n\t\t\n\t\t\t<a href=\"https:\/\/schabziger.ch\/fr\/les-gagnants-ont-ete-tires-au-sort\/\" style=\"\" class=\"\">\n\t\t\t\t<figure style=\"background-image:url(https:\/\/schabziger.ch\/wp-content\/uploads\/2022\/05\/schabziger-wettbewrb-3.jpg)\" title=\"Les gagnants ont \u00e9t\u00e9 tir\u00e9s au sort\"><\/figure>\n\t\t\t\t<small>28 octobre 2021<\/small>\n\t\t\t\t<span>Cet \u00e9t\u00e9, nous avons lanc\u00e9 un concours et demand\u00e9 aux participants de donner leur avis sur le go\u00fbt du schabziger de mani\u00e8re charmante et provocante.  <\/span>\n\t\t\t\t<span>Continuer la lecture<\/span>\n\t\t\t<\/a>\n\t\t\n\t\t\t<a href=\"https:\/\/schabziger.ch\/fr\/regard-dans-les-coulisses-visite-dentreprise\/\" style=\"\" class=\"\">\n\t\t\t\t<figure style=\"background-image:url(https:\/\/schabziger.ch\/wp-content\/uploads\/2022\/05\/gsz_04_produkte_slideshow_produktion-zibu_2.jpg)\" title=\"Regard dans les coulisses &#8211; visite d&rsquo;entreprise\"><\/figure>\n\t\t\t\t<small>26 octobre 2021<\/small>\n\t\t\t\t<span>Venez nous rendre visite et d\u00e9couvrez de pr\u00e8s le schabziger glaronnais. Nos collaborateurs vous montreront comment est fabriqu\u00e9 le plus ancien produit de marque de Suisse.<\/span>\n\t\t\t\t<span>Continuer la lecture<\/span>\n\t\t\t<\/a>\n\t\t\n\t\t\t<a href=\"https:\/\/schabziger.ch\/fr\/recette-du-gaspacho-glaronnais\/\" style=\"\" class=\"\">\n\t\t\t\t<figure style=\"background-image:url(https:\/\/schabziger.ch\/wp-content\/uploads\/2022\/05\/Glarner_Gazpacho_schabziger_tomate.jpg)\" title=\"Recette du gaspacho glaronnais\"><\/figure>\n\t\t\t\t<small>20 octobre 2021<\/small>\n\t\t\t\t<span>La soupe froide espagnole culte pour les chaudes journ\u00e9es d'\u00e9t\u00e9 existe \u00e9galement dans une d\u00e9licieuse variante glaronnaise. Et le meilleur dans tout \u00e7a : la pr\u00e9paration est tr\u00e8s simple !<\/span>\n\t\t\t\t<span>Continuer la lecture<\/span>\n\t\t\t<\/a>\n\t\t\n\t\t\t<a href=\"https:\/\/schabziger.ch\/fr\/fromage-dalpage-glaronnais-et-marche-au-schabziger\/\" style=\"\" class=\"\">\n\t\t\t\t<figure style=\"background-image:url(https:\/\/schabziger.ch\/wp-content\/uploads\/2022\/05\/glarner-kaesemarkt-2021.jpg)\" title=\"Fromage d&rsquo;alpage glaronnais et march\u00e9 au schabziger\"><\/figure>\n\t\t\t\t<small>10 septembre 2021<\/small>\n\t\t\t\t<span>Nous sommes debi ! Avec tous nos produits \u00e0 base de d\u00e9licieux lait glaronnais \u00e0 d\u00e9guster et \u00e0 acheter.  <\/span>\n\t\t\t\t<span>Continuer la lecture<\/span>\n\t\t\t<\/a>\n\t\t\n\t\t\t<a href=\"https:\/\/schabziger.ch\/fr\/la-societe-geska-ag-passe-en-de-nouvelles-mains\/\" style=\"\" class=\"\">\n\t\t\t\t<figure style=\"background-image:url(https:\/\/schabziger.ch\/wp-content\/uploads\/2022\/05\/blog_geska-geht-in-neue-haende.jpg)\" title=\"La soci\u00e9t\u00e9 GESKA AG passe en de nouvelles mains\"><\/figure>\n\t\t\t\t<small>17 septembre 2020<\/small>\n\t\t\t\t<span>Il est tr\u00e8s important pour une entreprise de pouvoir r\u00e9gler sa succession suffisamment t\u00f4t.  <\/span>\n\t\t\t\t<span>Continuer la lecture<\/span>\n\t\t\t<\/a>\n\t\t\n\t\t\t<a href=\"https:\/\/schabziger.ch\/fr\/carnaval-de-lucerne-2020\/\" style=\"\" class=\"\">\n\t\t\t\t<figure style=\"background-image:url(https:\/\/schabziger.ch\/wp-content\/uploads\/2022\/05\/pink_stoeckli_luzern_2020.jpg)\" title=\"Carnaval de LUCERNE 2020\"><\/figure>\n\t\t\t\t<small>27 f\u00e9vrier 2020<\/small>\n\t\t\t\t<span>La nouvelle Pink-St\u00f6ckli au carnaval de Lucerne. Hot Pink Cheese de Geska AG Glarus. Tendance et de bon go\u00fbt, il a sa place dans toutes les cuisines.<\/span>\n\t\t\t\t<span>Continuer la lecture<\/span>\n\t\t\t<\/a>\n\t\t\n\t\t\t<a href=\"https:\/\/schabziger.ch\/fr\/anuga-2019-foire-de-cologne\/\" style=\"\" class=\"\">\n\t\t\t\t<figure style=\"background-image:url(https:\/\/schabziger.ch\/wp-content\/uploads\/2022\/05\/anuga_2019.jpg)\" title=\"Anuga 2019 &#8211; Foire de Cologne\"><\/figure>\n\t\t\t\t<small>3 octobre 2019<\/small>\n\t\t\t\t<span>Cette ann\u00e9e encore, vous avez la chance d'assister au principal salon alimentaire de Cologne.<\/span>\n\t\t\t\t<span>Continuer la lecture<\/span>\n\t\t\t<\/a>\n\t\t\n\t\t\t<a href=\"https:\/\/schabziger.ch\/fr\/livre-sur-le-schabziger-nouvelle-edition-2019\/\" style=\"\" class=\"\">\n\t\t\t\t<figure style=\"background-image:url(https:\/\/schabziger.ch\/wp-content\/uploads\/2022\/05\/schabziger_buch_2019.jpg)\" title=\"Livre sur le schabziger, nouvelle \u00e9dition 2019\"><\/figure>\n\t\t\t\t<small>25 juillet 2019<\/small>\n\t\t\t\t<span>Historique - Histoires de Schabziger - Le Schabziger aujourd'hui - Recettes\n36 recettes et de nombreuses informations sur le plus ancien produit de marque de Suisse<\/span>\n\t\t\t\t<span>Continuer la lecture<\/span>\n\t\t\t<\/a>\n\t\t\n\t\t\t<a href=\"https:\/\/schabziger.ch\/fr\/une-serie-de-recettes-passionnantes-de-culinatalie\/\" style=\"\" class=\"\">\n\t\t\t\t<figure style=\"background-image:url(https:\/\/schabziger.ch\/wp-content\/uploads\/2022\/05\/promo_culinatalie-800x385-1.jpeg)\" title=\"Une s\u00e9rie de recettes passionnantes de Culinatalie\"><\/figure>\n\t\t\t\t<small>3 d\u00e9cembre 2018<\/small>\n\t\t\t\t<span>Recettes au schabziger - Cr\u00e9ative, inspir\u00e9e et sans tour de passe-passe, telle est la cuisine de CuliNatalie.<\/span>\n\t\t\t\t<span>Continuer la lecture<\/span>\n\t\t\t<\/a>\n\t\t\n\t\t\t<a href=\"https:\/\/schabziger.ch\/fr\/aide-suisse-aux-montagnards-le-film\/\" style=\"\" class=\"\">\n\t\t\t\t<figure style=\"background-image:url(https:\/\/schabziger.ch\/wp-content\/uploads\/2022\/05\/film-schweizer-berghilfe.jpeg)\" title=\"Aide Suisse aux Montagnards &#8211; Le film\"><\/figure>\n\t\t\t\t<small>1 octobre 2018<\/small>\n\t\t\t\t<span>Le Zigerst\u00f6ckli n'est pas seulement le plus ancien produit de marque de Suisse, il a donn\u00e9 son surnom \u00e0 tout le pays glaronnais.  <\/span>\n\t\t\t\t<span>Continuer la lecture<\/span>\n\t\t\t<\/a>\n\t\t\n\t\t\t<a href=\"https:\/\/schabziger.ch\/fr\/555e-anniversaire-du-schabziger-interview-sur-radio-zurisee\/\" style=\"\" class=\"\">\n\t\t\t\t<figure style=\"background-image:url(https:\/\/schabziger.ch\/wp-content\/uploads\/2022\/05\/555jahre-interview-radio-zuerisee.jpeg)\" title=\"555e anniversaire du schabziger &#8211; Interview sur Radio Z\u00fcrisee\"><\/figure>\n\t\t\t\t<small>24 avril 2018<\/small>\n\t\t\t\t<span>Le 24 avril 2018, le plus ancien produit de marque f\u00eatera son 555e anniversaire.<\/span>\n\t\t\t\t<span>Continuer la lecture<\/span>\n\t\t\t<\/a>\n\t\t\n\t\t\t<a href=\"https:\/\/schabziger.ch\/fr\/gagnant-du-concours-de-dessin-ziger-zwarge\/\" style=\"\" class=\"\">\n\t\t\t\t<figure style=\"background-image:url(https:\/\/schabziger.ch\/wp-content\/uploads\/2022\/05\/kinderwettbewerb-2.jpeg)\" title=\"Gagnant du concours de dessin Ziger-Zw\u00e4rge\"><\/figure>\n\t\t\t\t<small>14 septembre 2017<\/small>\n\t\t\t\t<span>Nous avons re\u00e7u de nombreux dessins magnifiques. Les gagnants ont \u00e9t\u00e9 d\u00e9sign\u00e9s et nous les f\u00e9licitons pour leur week-end passionnant \u00e0 l'h\u00f4tel Bellevue.<\/span>\n\t\t\t\t<span>Continuer la lecture<\/span>\n\t\t\t<\/a>\n\t\t\n\t\t\t<a href=\"https:\/\/schabziger.ch\/fr\/la-poudre-de-serac-wurz-mi-dans-un-nouvel-habit\/\" style=\"\" class=\"\">\n\t\t\t\t<figure style=\"background-image:url(https:\/\/schabziger.ch\/wp-content\/uploads\/2022\/05\/wuerzmi-800x385-1.jpeg)\" title=\"La poudre de s\u00e9rac \u00ab\u00a0W\u00fcrz Mi\u00a0\u00bb &#8211; dans un nouvel habit\"><\/figure>\n\t\t\t\t<small>9 mai 2017<\/small>\n\t\t\t\t<span>\"W\u00fcrz Mi\" poudre de s\u00e9rac : un produit qui a fait ses preuves dans un nouvel emballage - dans une bo\u00eete \u00e0 saupoudrer pratique.<\/span>\n\t\t\t\t<span>Continuer la lecture<\/span>\n\t\t\t<\/a>\n\t\t\n\t\t\t<a href=\"https:\/\/schabziger.ch\/fr\/les-saxons-a-zurich\/\" style=\"\" class=\"\">\n\t\t\t\t<figure style=\"background-image:url(https:\/\/schabziger.ch\/wp-content\/uploads\/2022\/05\/sechselauten-800x385-1.jpeg)\" title=\"Les Saxons \u00e0 Zurich\"><\/figure>\n\t\t\t\t<small>11 avril 2017<\/small>\n\t\t\t\t<span>Les Zigermann\u00e4 du Zigerschlitz ont distribu\u00e9 avec plaisir plus de 3000 St\u00f6ckli originaux au Schabziger au public.  <\/span>\n\t\t\t\t<span>Continuer la lecture<\/span>\n\t\t\t<\/a>\n\t\t\n\t\t\t<a href=\"https:\/\/schabziger.ch\/fr\/les-glarner-gruessli-ont-le-vent-en-poupe\/\" style=\"\" class=\"\">\n\t\t\t\t<figure style=\"background-image:url(https:\/\/schabziger.ch\/wp-content\/uploads\/2022\/05\/Kindergarten_Gruessli-800x534-1.png)\" title=\"Les \u00ab\u00a0Glarner Gr\u00fcessli\u00a0\u00bb ont le vent en poupe !\"><\/figure>\n\t\t\t\t<small>16 f\u00e9vrier 2017<\/small>\n\t\t\t\t<span>Appr\u00e9ci\u00e9 des petits et des grands. Le Gr\u00fcessli glaronnais, convient pour tremper et tartiner.\n<\/span>\n\t\t\t\t<span>Continuer la lecture<\/span>\n\t\t\t<\/a>\n\t\t\n\t\t\t<a href=\"https:\/\/schabziger.ch\/fr\/le-fromage-lifestyle-en-vue\/\" style=\"\" class=\"\">\n\t\t\t\t<figure style=\"background-image:url(https:\/\/schabziger.ch\/wp-content\/uploads\/2022\/05\/blick3-800x385-1.png)\" title=\"Le fromage Lifestyle en vue !\"><\/figure>\n\t\t\t\t<small>23 janvier 2017<\/small>\n\t\t\t\t<span>Le schabziger est un produit de style de vie. \"Notre plus ancienne marque\" en vue.<\/span>\n\t\t\t\t<span>Continuer la lecture<\/span>\n\t\t\t<\/a>\n\t\t\n\t\t\t<a href=\"https:\/\/schabziger.ch\/fr\/gratin-de-gnocchis-glaronnais-pour-le-petit-dejeuner\/\" style=\"\" class=\"\">\n\t\t\t\t<figure style=\"background-image:url(https:\/\/schabziger.ch\/wp-content\/uploads\/2022\/05\/gnocchi_auflauf.jpeg)\" title=\"Gratin de gnocchis glaronnais pour le petit d\u00e9jeuner\"><\/figure>\n\t\t\t\t<small>16 janvier 2017<\/small>\n\t\t\t\t<span>Des repas d\u00e9licieux pour la pause d\u00e9jeuner. Rapidement pr\u00e9par\u00e9 avec le Gr\u00fcessli glaronnais.<\/span>\n\t\t\t\t<span>Continuer la lecture<\/span>\n\t\t\t<\/a>\n\t\t\n\t\t\t<a href=\"https:\/\/schabziger.ch\/fr\/train-hard-feel-good\/\" style=\"\" class=\"\">\n\t\t\t\t<figure style=\"background-image:url(https:\/\/schabziger.ch\/wp-content\/uploads\/2022\/05\/fitness_ziger_klein-800x531-1.jpeg)\" title=\"Train hard &#8211; feel good !\"><\/figure>\n\t\t\t\t<small>11 janvier 2017<\/small>\n\t\t\t\t<span>Avec nos deux variantes de fromage maigre \"Glarner Schabziger\" et \"Weiss St\u00f6ckli avec truffe\", vous ne devez pas renoncer au fromage.<\/span>\n\t\t\t\t<span>Continuer la lecture<\/span>\n\t\t\t<\/a>\n\t\t\n\t\t\t<a href=\"https:\/\/schabziger.ch\/fr\/glarner-pour-glarner\/\" style=\"\" class=\"\">\n\t\t\t\t<figure style=\"background-image:url(https:\/\/schabziger.ch\/wp-content\/uploads\/2022\/05\/mathias_chef1-800x562-1.jpeg)\" title=\"Glarner pour Glarner !\"><\/figure>\n\t\t\t\t<small>8 d\u00e9cembre 2016<\/small>\n\t\t\t\t<span>Le roi de la lutte Matthias Glarner devient l'ambassadeur du Glarner Schabziger.<\/span>\n\t\t\t\t<span>Continuer la lecture<\/span>\n\t\t\t<\/a>\n\t\t\n\t\t\t<a href=\"https:\/\/schabziger.ch\/fr\/nous-nous-engageons-aussi-pour-la-protection-du-climat\/\" style=\"\" class=\"\">\n\t\t\t\t<figure style=\"background-image:url(https:\/\/schabziger.ch\/wp-content\/uploads\/2022\/05\/fairrec-800x533-1.jpeg)\" title=\"Nous nous engageons aussi pour la protection du climat!\ufffc\"><\/figure>\n\t\t\t\t<small>7 octobre 2016<\/small>\n\t\t\t\t<span>En tant que producteur du plus ancien produit de marque de Suisse, GESKA s'engage depuis toujours pour la durabilit\u00e9.<\/span>\n\t\t\t\t<span>Continuer la lecture<\/span>\n\t\t\t<\/a>\n\t\t\n\t\t\t<a href=\"https:\/\/schabziger.ch\/fr\/experience-a-glaris-et-elm\/\" style=\"\" class=\"\">\n\t\t\t\t<figure style=\"background-image:url(https:\/\/schabziger.ch\/wp-content\/uploads\/2022\/05\/teaser_betriebsbesichtigung-800x580-1.jpeg)\" title=\"Exp\u00e9rience \u00e0 Glaris et Elm\"><\/figure>\n\t\t\t\t<small>8 juillet 2016<\/small>\n\t\t\t\t<span>Vous souhaitez visiter notre entreprise et ensuite profiter de la vue sur les montagnes glaronaises lors d'un d\u00e9jeuner ?<\/span>\n\t\t\t\t<span>Continuer la lecture<\/span>\n\t\t\t<\/a>\n\t\t\n\t\t\t<a href=\"https:\/\/schabziger.ch\/fr\/moulin-a-schabziger-a-remplir\/\" style=\"\" class=\"\">\n\t\t\t\t<figure style=\"background-image:url(https:\/\/schabziger.ch\/wp-content\/uploads\/2022\/05\/blog_stoecklimuehle-800x385-1.jpeg)\" title=\"Moulin \u00e0 schabziger \u00e0 remplir\"><\/figure>\n\t\t\t\t<small>1 juillet 2016<\/small>\n\t\t\t\t<span>Vous avez des difficult\u00e9s \u00e0 remplir votre moulin \u00e0 schabziger ?\nD\u00e9couvrez dans cette vid\u00e9o la mani\u00e8re la plus simple de le faire.<\/span>\n\t\t\t\t<span>Continuer la lecture<\/span>\n\t\t\t<\/a>\n\t\t\n","protected":false},"excerpt":{"rendered":"<p>Les derni\u00e8resnouvelles de Glaris<\/p>\n","protected":false},"author":1,"featured_media":1212,"parent":0,"menu_order":6,"comment_status":"closed","ping_status":"closed","template":"","meta":{"_acf_changed":false,"inline_featured_image":false,"footnotes":""},"class_list":["post-1369","page","type-page","status-publish","has-post-thumbnail","hentry"],"acf":[],"yoast_head":"<!-- This site is optimized with the Yoast SEO plugin v27.5 - https:\/\/yoast.com\/product\/yoast-seo-wordpress\/ -->\n<title>Actualit\u00e9s - Schabziger<\/title>\n<meta name=\"robots\" content=\"index, follow, max-snippet:-1, max-image-preview:large, max-video-preview:-1\" \/>\n<link rel=\"canonical\" href=\"https:\/\/schabziger.ch\/fr\/actualites\/\" \/>\n<meta property=\"og:locale\" content=\"fr_FR\" \/>\n<meta property=\"og:type\" content=\"article\" \/>\n<meta property=\"og:title\" content=\"Actualit\u00e9s - Schabziger\" \/>\n<meta property=\"og:description\" content=\"Les derni\u00e8resnouvelles de Glaris\" \/>\n<meta property=\"og:url\" content=\"https:\/\/schabziger.ch\/fr\/actualites\/\" \/>\n<meta property=\"og:site_name\" content=\"Schabziger\" \/>\n<meta property=\"article:modified_time\" content=\"2023-04-11T05:23:04+00:00\" \/>\n<meta property=\"og:image\" content=\"https:\/\/schabziger.ch\/wp-content\/uploads\/2022\/05\/gsz_00_header_news-scaled.jpg\" \/>\n\t<meta property=\"og:image:width\" content=\"2560\" \/>\n\t<meta property=\"og:image:height\" content=\"853\" \/>\n\t<meta property=\"og:image:type\" content=\"image\/jpeg\" \/>\n<meta name=\"twitter:card\" content=\"summary_large_image\" \/>\n<meta name=\"twitter:label1\" content=\"Dur\u00e9e de lecture estim\u00e9e\" \/>\n\t<meta name=\"twitter:data1\" content=\"1 minute\" \/>\n<script type=\"application\/ld+json\" class=\"yoast-schema-graph\">{\"@context\":\"https:\\\/\\\/schema.org\",\"@graph\":[{\"@type\":\"WebPage\",\"@id\":\"https:\\\/\\\/schabziger.ch\\\/fr\\\/actualites\\\/\",\"url\":\"https:\\\/\\\/schabziger.ch\\\/fr\\\/actualites\\\/\",\"name\":\"Actualit\u00e9s - Schabziger\",\"isPartOf\":{\"@id\":\"https:\\\/\\\/schabziger.ch\\\/fr\\\/#website\"},\"primaryImageOfPage\":{\"@id\":\"https:\\\/\\\/schabziger.ch\\\/fr\\\/actualites\\\/#primaryimage\"},\"image\":{\"@id\":\"https:\\\/\\\/schabziger.ch\\\/fr\\\/actualites\\\/#primaryimage\"},\"thumbnailUrl\":\"https:\\\/\\\/schabziger.ch\\\/wp-content\\\/uploads\\\/2022\\\/05\\\/gsz_00_header_news-scaled.jpg\",\"datePublished\":\"2022-05-09T13:49:25+00:00\",\"dateModified\":\"2023-04-11T05:23:04+00:00\",\"breadcrumb\":{\"@id\":\"https:\\\/\\\/schabziger.ch\\\/fr\\\/actualites\\\/#breadcrumb\"},\"inLanguage\":\"fr-FR\",\"potentialAction\":[{\"@type\":\"ReadAction\",\"target\":[\"https:\\\/\\\/schabziger.ch\\\/fr\\\/actualites\\\/\"]}]},{\"@type\":\"ImageObject\",\"inLanguage\":\"fr-FR\",\"@id\":\"https:\\\/\\\/schabziger.ch\\\/fr\\\/actualites\\\/#primaryimage\",\"url\":\"https:\\\/\\\/schabziger.ch\\\/wp-content\\\/uploads\\\/2022\\\/05\\\/gsz_00_header_news-scaled.jpg\",\"contentUrl\":\"https:\\\/\\\/schabziger.ch\\\/wp-content\\\/uploads\\\/2022\\\/05\\\/gsz_00_header_news-scaled.jpg\",\"width\":2560,\"height\":853},{\"@type\":\"BreadcrumbList\",\"@id\":\"https:\\\/\\\/schabziger.ch\\\/fr\\\/actualites\\\/#breadcrumb\",\"itemListElement\":[{\"@type\":\"ListItem\",\"position\":1,\"name\":\"Startseite\",\"item\":\"https:\\\/\\\/schabziger.ch\\\/fr\\\/\"},{\"@type\":\"ListItem\",\"position\":2,\"name\":\"Actualit\u00e9s\"}]},{\"@type\":\"WebSite\",\"@id\":\"https:\\\/\\\/schabziger.ch\\\/fr\\\/#website\",\"url\":\"https:\\\/\\\/schabziger.ch\\\/fr\\\/\",\"name\":\"Schabziger\",\"description\":\"Uurw\u00fcrzig guet\",\"potentialAction\":[{\"@type\":\"SearchAction\",\"target\":{\"@type\":\"EntryPoint\",\"urlTemplate\":\"https:\\\/\\\/schabziger.ch\\\/fr\\\/?s={search_term_string}\"},\"query-input\":{\"@type\":\"PropertyValueSpecification\",\"valueRequired\":true,\"valueName\":\"search_term_string\"}}],\"inLanguage\":\"fr-FR\"}]}<\/script>\n<!-- \/ Yoast SEO plugin. -->","yoast_head_json":{"title":"Actualit\u00e9s - Schabziger","robots":{"index":"index","follow":"follow","max-snippet":"max-snippet:-1","max-image-preview":"max-image-preview:large","max-video-preview":"max-video-preview:-1"},"canonical":"https:\/\/schabziger.ch\/fr\/actualites\/","og_locale":"fr_FR","og_type":"article","og_title":"Actualit\u00e9s - Schabziger","og_description":"Les derni\u00e8resnouvelles de Glaris","og_url":"https:\/\/schabziger.ch\/fr\/actualites\/","og_site_name":"Schabziger","article_modified_time":"2023-04-11T05:23:04+00:00","og_image":[{"width":2560,"height":853,"url":"https:\/\/schabziger.ch\/wp-content\/uploads\/2022\/05\/gsz_00_header_news-scaled.jpg","type":"image\/jpeg"}],"twitter_card":"summary_large_image","twitter_misc":{"Dur\u00e9e de lecture estim\u00e9e":"1 minute"},"schema":{"@context":"https:\/\/schema.org","@graph":[{"@type":"WebPage","@id":"https:\/\/schabziger.ch\/fr\/actualites\/","url":"https:\/\/schabziger.ch\/fr\/actualites\/","name":"Actualit\u00e9s - Schabziger","isPartOf":{"@id":"https:\/\/schabziger.ch\/fr\/#website"},"primaryImageOfPage":{"@id":"https:\/\/schabziger.ch\/fr\/actualites\/#primaryimage"},"image":{"@id":"https:\/\/schabziger.ch\/fr\/actualites\/#primaryimage"},"thumbnailUrl":"https:\/\/schabziger.ch\/wp-content\/uploads\/2022\/05\/gsz_00_header_news-scaled.jpg","datePublished":"2022-05-09T13:49:25+00:00","dateModified":"2023-04-11T05:23:04+00:00","breadcrumb":{"@id":"https:\/\/schabziger.ch\/fr\/actualites\/#breadcrumb"},"inLanguage":"fr-FR","potentialAction":[{"@type":"ReadAction","target":["https:\/\/schabziger.ch\/fr\/actualites\/"]}]},{"@type":"ImageObject","inLanguage":"fr-FR","@id":"https:\/\/schabziger.ch\/fr\/actualites\/#primaryimage","url":"https:\/\/schabziger.ch\/wp-content\/uploads\/2022\/05\/gsz_00_header_news-scaled.jpg","contentUrl":"https:\/\/schabziger.ch\/wp-content\/uploads\/2022\/05\/gsz_00_header_news-scaled.jpg","width":2560,"height":853},{"@type":"BreadcrumbList","@id":"https:\/\/schabziger.ch\/fr\/actualites\/#breadcrumb","itemListElement":[{"@type":"ListItem","position":1,"name":"Startseite","item":"https:\/\/schabziger.ch\/fr\/"},{"@type":"ListItem","position":2,"name":"Actualit\u00e9s"}]},{"@type":"WebSite","@id":"https:\/\/schabziger.ch\/fr\/#website","url":"https:\/\/schabziger.ch\/fr\/","name":"Schabziger","description":"Uurw\u00fcrzig guet","potentialAction":[{"@type":"SearchAction","target":{"@type":"EntryPoint","urlTemplate":"https:\/\/schabziger.ch\/fr\/?s={search_term_string}"},"query-input":{"@type":"PropertyValueSpecification","valueRequired":true,"valueName":"search_term_string"}}],"inLanguage":"fr-FR"}]}},"_links":{"self":[{"href":"https:\/\/schabziger.ch\/fr\/wp-json\/wp\/v2\/pages\/1369","targetHints":{"allow":["GET"]}}],"collection":[{"href":"https:\/\/schabziger.ch\/fr\/wp-json\/wp\/v2\/pages"}],"about":[{"href":"https:\/\/schabziger.ch\/fr\/wp-json\/wp\/v2\/types\/page"}],"author":[{"embeddable":true,"href":"https:\/\/schabziger.ch\/fr\/wp-json\/wp\/v2\/users\/1"}],"replies":[{"embeddable":true,"href":"https:\/\/schabziger.ch\/fr\/wp-json\/wp\/v2\/comments?post=1369"}],"version-history":[{"count":8,"href":"https:\/\/schabziger.ch\/fr\/wp-json\/wp\/v2\/pages\/1369\/revisions"}],"predecessor-version":[{"id":2230,"href":"https:\/\/schabziger.ch\/fr\/wp-json\/wp\/v2\/pages\/1369\/revisions\/2230"}],"wp:featuredmedia":[{"embeddable":true,"href":"https:\/\/schabziger.ch\/fr\/wp-json\/wp\/v2\/media\/1212"}],"wp:attachment":[{"href":"https:\/\/schabziger.ch\/fr\/wp-json\/wp\/v2\/media?parent=1369"}],"curies":[{"name":"wp","href":"https:\/\/api.w.org\/{rel}","templated":true}]}}