{"id":1367,"date":"2022-05-25T13:13:04","date_gmt":"2022-05-25T11:13:04","guid":{"rendered":"https:\/\/geska.brandneu.ch\/des-produits\/"},"modified":"2026-04-08T15:08:13","modified_gmt":"2026-04-08T13:08:13","slug":"des-produits","status":"publish","type":"page","link":"https:\/\/schabziger.ch\/fr\/des-produits\/","title":{"rendered":"Nos produits"},"content":{"rendered":"\n<h1 class=\"wp-block-heading\">Produit d&rsquo;origine<\/h1>\n\n\n\n<section class=\"white\">\n\t<div class=\"content max\">\n\t\t\t\n\n\n\n\n<div class=\"wp-block-media-text alignwide is-stacked-on-mobile\"><figure class=\"wp-block-media-text__media\"><img loading=\"lazy\" decoding=\"async\" width=\"1024\" height=\"1024\" src=\"https:\/\/schabziger.ch\/wp-content\/uploads\/2026\/04\/2604_GESKA_Produkte_mit_V-Label_WEB_1500x1500px_FR_Stoeckli_100g-1024x1024.png\" alt=\"\" class=\"wp-image-4726 size-full\" srcset=\"https:\/\/schabziger.ch\/wp-content\/uploads\/2026\/04\/2604_GESKA_Produkte_mit_V-Label_WEB_1500x1500px_FR_Stoeckli_100g-1024x1024.png 1024w, https:\/\/schabziger.ch\/wp-content\/uploads\/2026\/04\/2604_GESKA_Produkte_mit_V-Label_WEB_1500x1500px_FR_Stoeckli_100g-300x300.png 300w, https:\/\/schabziger.ch\/wp-content\/uploads\/2026\/04\/2604_GESKA_Produkte_mit_V-Label_WEB_1500x1500px_FR_Stoeckli_100g-150x150.png 150w, https:\/\/schabziger.ch\/wp-content\/uploads\/2026\/04\/2604_GESKA_Produkte_mit_V-Label_WEB_1500x1500px_FR_Stoeckli_100g-768x768.png 768w, https:\/\/schabziger.ch\/wp-content\/uploads\/2026\/04\/2604_GESKA_Produkte_mit_V-Label_WEB_1500x1500px_FR_Stoeckli_100g-1536x1536.png 1536w, https:\/\/schabziger.ch\/wp-content\/uploads\/2026\/04\/2604_GESKA_Produkte_mit_V-Label_WEB_1500x1500px_FR_Stoeckli_100g-2048x2048.png 2048w\" sizes=\"auto, (max-width: 1024px) 100vw, 1024px\" \/><\/figure><div class=\"wp-block-media-text__content\">\n<h2 class=\"wp-block-heading\">Schabziger St\u00f6ckli \u2013<br>l\u2019original<\/h2>\n\n\n\n<p><\/p>\n\n\n\n<p>Le l\u00e9gendaire Schabziger St\u00f6ckli est unique au monde, savoureux et plein de caract\u00e8re \u2013 simplement \u00ab uurw\u00fcrzig guet \u00bb. Cette sp\u00e9cialit\u00e9 Glarner est sans lactose, sans mati\u00e8res grasses, riche en prot\u00e9ines et v\u00e9g\u00e9tarienne. Id\u00e9al r\u00e2p\u00e9 sur des p\u00e2tes, des pommes de terre ou du pain.<\/p>\n\n\n\n<h4 class=\"wp-block-heading\"><a href=\"\/\">Au magasin &gt;<\/a><\/h4>\n<\/div><\/div>\n\n\n<\/div><\/section>\n<section class=\"gray\">\n\t<div class=\"content max\">\n\t\t\t\n\n\n\n\n<div class=\"wp-block-media-text alignwide has-media-on-the-right is-stacked-on-mobile\"><div class=\"wp-block-media-text__content\">\n<h2 class=\"wp-block-heading\">Salut Glaronais aux herbes fra\u00eeches<\/h2>\n\n\n\n<p><\/p>\n\n\n\n<p>Le Salut Glaronais r\u00e9v\u00e8le tout son charme en tartine, en dip ou en entr\u00e9e. Naturel, v\u00e9g\u00e9tarien et riche en prot\u00e9ines et en calcium \u2013 un plaisir cr\u00e9meux pour toutes les occasions.<\/p>\n\n\n\n<h4 class=\"wp-block-heading\"><\/h4>\n<\/div><figure class=\"wp-block-media-text__media\"><img loading=\"lazy\" decoding=\"async\" width=\"1024\" height=\"1024\" src=\"https:\/\/schabziger.ch\/wp-content\/uploads\/2026\/04\/2604_GESKA_Produkte_mit_V-Label_WEB_1500x1500px_FR_Grueessli-1024x1024.png\" alt=\"\" class=\"wp-image-4729 size-full\" srcset=\"https:\/\/schabziger.ch\/wp-content\/uploads\/2026\/04\/2604_GESKA_Produkte_mit_V-Label_WEB_1500x1500px_FR_Grueessli-1024x1024.png 1024w, https:\/\/schabziger.ch\/wp-content\/uploads\/2026\/04\/2604_GESKA_Produkte_mit_V-Label_WEB_1500x1500px_FR_Grueessli-300x300.png 300w, https:\/\/schabziger.ch\/wp-content\/uploads\/2026\/04\/2604_GESKA_Produkte_mit_V-Label_WEB_1500x1500px_FR_Grueessli-150x150.png 150w, https:\/\/schabziger.ch\/wp-content\/uploads\/2026\/04\/2604_GESKA_Produkte_mit_V-Label_WEB_1500x1500px_FR_Grueessli-768x768.png 768w, https:\/\/schabziger.ch\/wp-content\/uploads\/2026\/04\/2604_GESKA_Produkte_mit_V-Label_WEB_1500x1500px_FR_Grueessli-1536x1536.png 1536w, https:\/\/schabziger.ch\/wp-content\/uploads\/2026\/04\/2604_GESKA_Produkte_mit_V-Label_WEB_1500x1500px_FR_Grueessli-2048x2048.png 2048w\" sizes=\"auto, (max-width: 1024px) 100vw, 1024px\" \/><\/figure><\/div>\n\n\n<\/div><\/section>\n<section class=\"white\">\n\t<div class=\"content max\">\n\t\t\t\n\n\n\n\n<div class=\"wp-block-media-text alignwide is-stacked-on-mobile\"><figure class=\"wp-block-media-text__media\"><img loading=\"lazy\" decoding=\"async\" width=\"1024\" height=\"1024\" src=\"https:\/\/schabziger.ch\/wp-content\/uploads\/2026\/04\/2604_GESKA_Produkte_mit_V-Label_WEB_1500x1500px_FR_Zibu-1024x1024.png\" alt=\"\" class=\"wp-image-4732 size-full\" srcset=\"https:\/\/schabziger.ch\/wp-content\/uploads\/2026\/04\/2604_GESKA_Produkte_mit_V-Label_WEB_1500x1500px_FR_Zibu-1024x1024.png 1024w, https:\/\/schabziger.ch\/wp-content\/uploads\/2026\/04\/2604_GESKA_Produkte_mit_V-Label_WEB_1500x1500px_FR_Zibu-300x300.png 300w, https:\/\/schabziger.ch\/wp-content\/uploads\/2026\/04\/2604_GESKA_Produkte_mit_V-Label_WEB_1500x1500px_FR_Zibu-150x150.png 150w, https:\/\/schabziger.ch\/wp-content\/uploads\/2026\/04\/2604_GESKA_Produkte_mit_V-Label_WEB_1500x1500px_FR_Zibu-768x768.png 768w, https:\/\/schabziger.ch\/wp-content\/uploads\/2026\/04\/2604_GESKA_Produkte_mit_V-Label_WEB_1500x1500px_FR_Zibu-1536x1536.png 1536w, https:\/\/schabziger.ch\/wp-content\/uploads\/2026\/04\/2604_GESKA_Produkte_mit_V-Label_WEB_1500x1500px_FR_Zibu-2048x2048.png 2048w\" sizes=\"auto, (max-width: 1024px) 100vw, 1024px\" \/><\/figure><div class=\"wp-block-media-text__content\">\n<h2 class=\"wp-block-heading\">Zibu Beurre au Ziger<\/h2>\n\n\n\n<p><\/p>\n\n\n\n<p>\u00c9pic\u00e9 et aromatique avec une fine note de beurre. Le Zibu est v\u00e9g\u00e9tarien et s\u2019accorde parfaitement avec des pommes de terre en robe des champs, la raclette, sur des p\u00e2tes ou directement sur du pain et des toasts croustillants \u2013 polyvalent et tout simplement d\u00e9licieux.<\/p>\n\n\n\n<h4 class=\"wp-block-heading\"><\/h4>\n<\/div><\/div>\n\n\n<\/div><\/section>\n<section class=\"gray\">\n\t<div class=\"content max\">\n\t\t\t\n\n\n\n\n<div class=\"wp-block-media-text alignwide has-media-on-the-right is-stacked-on-mobile\"><div class=\"wp-block-media-text__content\">\n<h2 class=\"wp-block-heading\">Zigerbutter Beurre au Ziger<\/h2>\n\n\n\n<p><\/p>\n\n\n\n<p>\u00c9galement \u00e9pic\u00e9e et aromatique, avec une fine note de beurre et un peu de cr\u00e8me. Le Beurre au Ziger est v\u00e9g\u00e9tarien et se d\u00e9guste de multiples fa\u00e7ons \u2013 avec des pommes de terre en robe des champs, la raclette, sur des p\u00e2tes ou sur du pain croustillant. Disponible en exclusivit\u00e9 dans votre Migros.<\/p>\n\n\n\n<h4 class=\"wp-block-heading\"><\/h4>\n<\/div><figure class=\"wp-block-media-text__media\"><img loading=\"lazy\" decoding=\"async\" width=\"1024\" height=\"1024\" src=\"https:\/\/schabziger.ch\/wp-content\/uploads\/2026\/04\/2604_GESKA_Produkte_mit_V-Label_WEB_1500x1500px_FR_Zigerbutter-1024x1024.png\" alt=\"\" class=\"wp-image-4735 size-full\" srcset=\"https:\/\/schabziger.ch\/wp-content\/uploads\/2026\/04\/2604_GESKA_Produkte_mit_V-Label_WEB_1500x1500px_FR_Zigerbutter-1024x1024.png 1024w, https:\/\/schabziger.ch\/wp-content\/uploads\/2026\/04\/2604_GESKA_Produkte_mit_V-Label_WEB_1500x1500px_FR_Zigerbutter-300x300.png 300w, https:\/\/schabziger.ch\/wp-content\/uploads\/2026\/04\/2604_GESKA_Produkte_mit_V-Label_WEB_1500x1500px_FR_Zigerbutter-150x150.png 150w, https:\/\/schabziger.ch\/wp-content\/uploads\/2026\/04\/2604_GESKA_Produkte_mit_V-Label_WEB_1500x1500px_FR_Zigerbutter-768x768.png 768w, https:\/\/schabziger.ch\/wp-content\/uploads\/2026\/04\/2604_GESKA_Produkte_mit_V-Label_WEB_1500x1500px_FR_Zigerbutter-1536x1536.png 1536w, https:\/\/schabziger.ch\/wp-content\/uploads\/2026\/04\/2604_GESKA_Produkte_mit_V-Label_WEB_1500x1500px_FR_Zigerbutter-2048x2048.png 2048w\" sizes=\"auto, (max-width: 1024px) 100vw, 1024px\" \/><\/figure><\/div>\n\n\n<\/div><\/section>\n<section class=\"white\">\n\t<div class=\"content max\">\n\t\t\t\n\n\n\n\n<div class=\"wp-block-media-text alignwide is-stacked-on-mobile\"><figure class=\"wp-block-media-text__media\"><img loading=\"lazy\" decoding=\"async\" width=\"1024\" height=\"1024\" src=\"https:\/\/schabziger.ch\/wp-content\/uploads\/2026\/04\/2604_GESKA_Produkte_ohne_V-Label_WEB_1500x1500px_FR_Glarissa-1024x1024.png\" alt=\"\" class=\"wp-image-4738 size-full\" srcset=\"https:\/\/schabziger.ch\/wp-content\/uploads\/2026\/04\/2604_GESKA_Produkte_ohne_V-Label_WEB_1500x1500px_FR_Glarissa-1024x1024.png 1024w, https:\/\/schabziger.ch\/wp-content\/uploads\/2026\/04\/2604_GESKA_Produkte_ohne_V-Label_WEB_1500x1500px_FR_Glarissa-300x300.png 300w, https:\/\/schabziger.ch\/wp-content\/uploads\/2026\/04\/2604_GESKA_Produkte_ohne_V-Label_WEB_1500x1500px_FR_Glarissa-150x150.png 150w, https:\/\/schabziger.ch\/wp-content\/uploads\/2026\/04\/2604_GESKA_Produkte_ohne_V-Label_WEB_1500x1500px_FR_Glarissa-768x768.png 768w, https:\/\/schabziger.ch\/wp-content\/uploads\/2026\/04\/2604_GESKA_Produkte_ohne_V-Label_WEB_1500x1500px_FR_Glarissa-1536x1536.png 1536w, https:\/\/schabziger.ch\/wp-content\/uploads\/2026\/04\/2604_GESKA_Produkte_ohne_V-Label_WEB_1500x1500px_FR_Glarissa-2048x2048.png 2048w\" sizes=\"auto, (max-width: 1024px) 100vw, 1024px\" \/><\/figure><div class=\"wp-block-media-text__content\">\n<h2 class=\"wp-block-heading\">Fromage fondu Glarissa<\/h2>\n\n\n\n<p><\/p>\n\n\n\n<p>Le fromage fondu en c\u00e9l\u00e8bre forme triangulaire : doux, avec du Schabziger, pr\u00eat \u00e0 tartiner et se conserve sans r\u00e9frig\u00e9ration. Aussi source de calcium, pratique et savoureux, \u00e0 la maison comme en d\u00e9placement.<\/p>\n\n\n\n<h4 class=\"wp-block-heading\"><a href=\"\/\">Au magasin &gt;<\/a><\/h4>\n<\/div><\/div>\n\n\n<\/div><\/section>\n<section class=\"gray\">\n\t<div class=\"content max\">\n\t\t\t\n\n\n\n\n<div class=\"wp-block-media-text alignwide has-media-on-the-right is-stacked-on-mobile\"><div class=\"wp-block-media-text__content\">\n<h2 class=\"wp-block-heading\">W\u00fcrz mi \u2013 Poudre de Ziger<\/h2>\n\n\n\n<p><\/p>\n\n\n\n<p>Poudre de fromage aux herbes 100 % naturelle \u00e0 base de Glarner Schabziger \u2013 sans lactose et v\u00e9g\u00e9tarienne. Id\u00e9ale pour assaisonner p\u00e2tes, riz, pommes de terre, fondue, raclette, sp\u00e4tzli, l\u00e9gumes, sauces et bien plus encore.<\/p>\n\n\n\n<h4 class=\"wp-block-heading\"><a href=\"\/\">Au magasin &gt;<\/a><\/h4>\n<\/div><figure class=\"wp-block-media-text__media\"><img loading=\"lazy\" decoding=\"async\" width=\"1024\" height=\"1024\" src=\"https:\/\/schabziger.ch\/wp-content\/uploads\/2026\/04\/2604_GESKA_Produkte_mit_V-Label_WEB_1500x1500px_FR_Wuerz-Mi-1024x1024.png\" alt=\"\" class=\"wp-image-4741 size-full\" srcset=\"https:\/\/schabziger.ch\/wp-content\/uploads\/2026\/04\/2604_GESKA_Produkte_mit_V-Label_WEB_1500x1500px_FR_Wuerz-Mi-1024x1024.png 1024w, https:\/\/schabziger.ch\/wp-content\/uploads\/2026\/04\/2604_GESKA_Produkte_mit_V-Label_WEB_1500x1500px_FR_Wuerz-Mi-300x300.png 300w, https:\/\/schabziger.ch\/wp-content\/uploads\/2026\/04\/2604_GESKA_Produkte_mit_V-Label_WEB_1500x1500px_FR_Wuerz-Mi-150x150.png 150w, https:\/\/schabziger.ch\/wp-content\/uploads\/2026\/04\/2604_GESKA_Produkte_mit_V-Label_WEB_1500x1500px_FR_Wuerz-Mi-768x768.png 768w, https:\/\/schabziger.ch\/wp-content\/uploads\/2026\/04\/2604_GESKA_Produkte_mit_V-Label_WEB_1500x1500px_FR_Wuerz-Mi-1536x1536.png 1536w, https:\/\/schabziger.ch\/wp-content\/uploads\/2026\/04\/2604_GESKA_Produkte_mit_V-Label_WEB_1500x1500px_FR_Wuerz-Mi-2048x2048.png 2048w\" sizes=\"auto, (max-width: 1024px) 100vw, 1024px\" \/><\/figure><\/div>\n\n\n<\/div><\/section>\n<section class=\"white\">\n\t<div class=\"content max\">\n\t\t\t\n\n\n\n\n<div class=\"wp-block-media-text alignwide is-stacked-on-mobile\"><figure class=\"wp-block-media-text__media\"><img loading=\"lazy\" decoding=\"async\" width=\"1024\" height=\"1024\" src=\"https:\/\/schabziger.ch\/wp-content\/uploads\/2026\/04\/2604_GESKA_Produkte_mit_V-Label_WEB_1500x1500px_FR_Gewuerz-Reibkaese-1024x1024.png\" alt=\"\" class=\"wp-image-4744 size-full\" srcset=\"https:\/\/schabziger.ch\/wp-content\/uploads\/2026\/04\/2604_GESKA_Produkte_mit_V-Label_WEB_1500x1500px_FR_Gewuerz-Reibkaese-1024x1024.png 1024w, https:\/\/schabziger.ch\/wp-content\/uploads\/2026\/04\/2604_GESKA_Produkte_mit_V-Label_WEB_1500x1500px_FR_Gewuerz-Reibkaese-300x300.png 300w, https:\/\/schabziger.ch\/wp-content\/uploads\/2026\/04\/2604_GESKA_Produkte_mit_V-Label_WEB_1500x1500px_FR_Gewuerz-Reibkaese-150x150.png 150w, https:\/\/schabziger.ch\/wp-content\/uploads\/2026\/04\/2604_GESKA_Produkte_mit_V-Label_WEB_1500x1500px_FR_Gewuerz-Reibkaese-768x768.png 768w, https:\/\/schabziger.ch\/wp-content\/uploads\/2026\/04\/2604_GESKA_Produkte_mit_V-Label_WEB_1500x1500px_FR_Gewuerz-Reibkaese-1536x1536.png 1536w, https:\/\/schabziger.ch\/wp-content\/uploads\/2026\/04\/2604_GESKA_Produkte_mit_V-Label_WEB_1500x1500px_FR_Gewuerz-Reibkaese-2048x2048.png 2048w\" sizes=\"auto, (max-width: 1024px) 100vw, 1024px\" \/><\/figure><div class=\"wp-block-media-text__content\">\n<h2 class=\"wp-block-heading\">Fromage r\u00e2p\u00e9 aux \u00e9pices en sachet<\/h2>\n\n\n\n<p><\/p>\n\n\n\n<p>Le l\u00e9gendaire Schabziger St\u00f6ckli r\u00e2p\u00e9, dans un sachet refermable pratique \u2013 id\u00e9al pour les amateurs de convenience. Sans lactose, sans mati\u00e8res grasses et v\u00e9g\u00e9tarien. Parfait pour assaisonner de nombreux plats.<\/p>\n\n\n\n<h4 class=\"wp-block-heading\"><a href=\"\/\">Au magasin &gt;<\/a><\/h4>\n<\/div><\/div>\n\n\n<\/div><\/section>\n<section class=\"gray\">\n\t<div class=\"content max\">\n\t\t\t\n\n\n\n\n<div class=\"wp-block-media-text alignwide has-media-on-the-right is-stacked-on-mobile\"><div class=\"wp-block-media-text__content\">\n<h2 class=\"wp-block-heading\">Le St\u00f6ckli pour tous les amateurs de truffe<\/h2>\n\n\n\n<p><\/p>\n\n\n\n<p>Le Tr\u00fcffel St\u00f6ckli est un fromage d\u2019assaisonnement raffin\u00e9 de notre maison. Fabriqu\u00e9 selon un proc\u00e9d\u00e9 sp\u00e9cial \u00e0 partir de lait \u00e9cr\u00e9m\u00e9 de montagne pasteuris\u00e9. Son go\u00fbt plein et intense est unique et apporte une touche tr\u00e8s particuli\u00e8re \u00e0 chaque plat. Sans lactose, sans mati\u00e8res grasses et v\u00e9g\u00e9tarien.<\/p>\n\n\n\n<h4 class=\"wp-block-heading\"><a href=\"\/\">Au magasin &gt;<\/a><\/h4>\n<\/div><figure class=\"wp-block-media-text__media\"><img loading=\"lazy\" decoding=\"async\" width=\"1024\" height=\"1024\" src=\"https:\/\/schabziger.ch\/wp-content\/uploads\/2026\/04\/2604_GESKA_Produkte_mit_V-Label_WEB_1500x1500px_FR_Stoeckli_Trueffel-1024x1024.png\" alt=\"\" class=\"wp-image-4747 size-full\" srcset=\"https:\/\/schabziger.ch\/wp-content\/uploads\/2026\/04\/2604_GESKA_Produkte_mit_V-Label_WEB_1500x1500px_FR_Stoeckli_Trueffel-1024x1024.png 1024w, https:\/\/schabziger.ch\/wp-content\/uploads\/2026\/04\/2604_GESKA_Produkte_mit_V-Label_WEB_1500x1500px_FR_Stoeckli_Trueffel-300x300.png 300w, https:\/\/schabziger.ch\/wp-content\/uploads\/2026\/04\/2604_GESKA_Produkte_mit_V-Label_WEB_1500x1500px_FR_Stoeckli_Trueffel-150x150.png 150w, https:\/\/schabziger.ch\/wp-content\/uploads\/2026\/04\/2604_GESKA_Produkte_mit_V-Label_WEB_1500x1500px_FR_Stoeckli_Trueffel-768x768.png 768w, https:\/\/schabziger.ch\/wp-content\/uploads\/2026\/04\/2604_GESKA_Produkte_mit_V-Label_WEB_1500x1500px_FR_Stoeckli_Trueffel-1536x1536.png 1536w, https:\/\/schabziger.ch\/wp-content\/uploads\/2026\/04\/2604_GESKA_Produkte_mit_V-Label_WEB_1500x1500px_FR_Stoeckli_Trueffel-2048x2048.png 2048w\" sizes=\"auto, (max-width: 1024px) 100vw, 1024px\" \/><\/figure><\/div>\n\n\n<\/div><\/section>\n<section class=\"white\">\n\t<div class=\"content max\">\n\t\t\t\n\n\n\n\n<div class=\"wp-block-media-text alignwide is-stacked-on-mobile\"><figure class=\"wp-block-media-text__media\"><img loading=\"lazy\" decoding=\"async\" width=\"1024\" height=\"1024\" src=\"https:\/\/schabziger.ch\/wp-content\/uploads\/2026\/04\/2604_GESKA_Produkte_mit_V-Label_WEB_1500x1500px_FR_Stoeckli_Chili-1024x1024.png\" alt=\"\" class=\"wp-image-4750 size-full\" srcset=\"https:\/\/schabziger.ch\/wp-content\/uploads\/2026\/04\/2604_GESKA_Produkte_mit_V-Label_WEB_1500x1500px_FR_Stoeckli_Chili-1024x1024.png 1024w, https:\/\/schabziger.ch\/wp-content\/uploads\/2026\/04\/2604_GESKA_Produkte_mit_V-Label_WEB_1500x1500px_FR_Stoeckli_Chili-300x300.png 300w, https:\/\/schabziger.ch\/wp-content\/uploads\/2026\/04\/2604_GESKA_Produkte_mit_V-Label_WEB_1500x1500px_FR_Stoeckli_Chili-150x150.png 150w, https:\/\/schabziger.ch\/wp-content\/uploads\/2026\/04\/2604_GESKA_Produkte_mit_V-Label_WEB_1500x1500px_FR_Stoeckli_Chili-768x768.png 768w, https:\/\/schabziger.ch\/wp-content\/uploads\/2026\/04\/2604_GESKA_Produkte_mit_V-Label_WEB_1500x1500px_FR_Stoeckli_Chili-1536x1536.png 1536w, https:\/\/schabziger.ch\/wp-content\/uploads\/2026\/04\/2604_GESKA_Produkte_mit_V-Label_WEB_1500x1500px_FR_Stoeckli_Chili-2048x2048.png 2048w\" sizes=\"auto, (max-width: 1024px) 100vw, 1024px\" \/><\/figure><div class=\"wp-block-media-text__content\">\n<h2 class=\"wp-block-heading\">Le St\u00f6ckli pour tous ceux qui aiment le piquant<\/h2>\n\n\n\n<p><\/p>\n\n\n\n<p>Avec une nouvelle recette : polyvalent en cuisine traditionnelle comme moderne. Sans lactose, sans mati\u00e8res grasses et v\u00e9g\u00e9tarien. R\u00e2p\u00e9, en copeaux, en assaisonnement ou en dip \u2013 il apporte une touche raffin\u00e9e aux plats.<\/p>\n\n\n\n<h4 class=\"wp-block-heading\"><a href=\"\/\">Au magasin &gt;<\/a><\/h4>\n<\/div><\/div>\n\n\n<\/div><\/section>\n<section class=\"white\">\n\t<div class=\"content max\">\n\t\t\t\n\n\n\n<\/div><\/section>\n<section class=\"gray\">\n\t<div class=\"content max\">\n\t\t\t\n\n\n\n\n<p><\/p>\n\n\n\n<div class=\"wp-block-media-text alignwide has-media-on-the-right is-stacked-on-mobile\"><div class=\"wp-block-media-text__content\">\n<h2 class=\"wp-block-heading\">Le duo \u00e9pic\u00e9<\/h2>\n\n\n\n<p><\/p>\n\n\n\n<p>Fromage maigre au Zigerklee et fromage maigre \u00e0 la truffe, \u00e0 p\u00e2te mi-dure \u00e0 base de lait \u00e9cr\u00e9m\u00e9 de montagne pasteuris\u00e9. Sans lactose, sans mati\u00e8res grasses et v\u00e9g\u00e9tarien. Id\u00e9al pour assaisonner p\u00e2tes, gratins, risotto, polenta, fondue, raclette, viande et poisson.<\/p>\n\n\n\n<h4 class=\"wp-block-heading\"><a href=\"\/\">Au magasin &gt;<\/a><\/h4>\n<\/div><figure class=\"wp-block-media-text__media\"><img loading=\"lazy\" decoding=\"async\" width=\"1024\" height=\"1024\" src=\"https:\/\/schabziger.ch\/wp-content\/uploads\/2026\/04\/2604_GESKA_Produkte_mit_V-Label_WEB_1500x1500px_FR_Duo_SchabzigerTrueffel-1024x1024.png\" alt=\"\" class=\"wp-image-4753 size-full\" srcset=\"https:\/\/schabziger.ch\/wp-content\/uploads\/2026\/04\/2604_GESKA_Produkte_mit_V-Label_WEB_1500x1500px_FR_Duo_SchabzigerTrueffel-1024x1024.png 1024w, https:\/\/schabziger.ch\/wp-content\/uploads\/2026\/04\/2604_GESKA_Produkte_mit_V-Label_WEB_1500x1500px_FR_Duo_SchabzigerTrueffel-300x300.png 300w, https:\/\/schabziger.ch\/wp-content\/uploads\/2026\/04\/2604_GESKA_Produkte_mit_V-Label_WEB_1500x1500px_FR_Duo_SchabzigerTrueffel-150x150.png 150w, https:\/\/schabziger.ch\/wp-content\/uploads\/2026\/04\/2604_GESKA_Produkte_mit_V-Label_WEB_1500x1500px_FR_Duo_SchabzigerTrueffel-768x768.png 768w, https:\/\/schabziger.ch\/wp-content\/uploads\/2026\/04\/2604_GESKA_Produkte_mit_V-Label_WEB_1500x1500px_FR_Duo_SchabzigerTrueffel-1536x1536.png 1536w, https:\/\/schabziger.ch\/wp-content\/uploads\/2026\/04\/2604_GESKA_Produkte_mit_V-Label_WEB_1500x1500px_FR_Duo_SchabzigerTrueffel-2048x2048.png 2048w\" sizes=\"auto, (max-width: 1024px) 100vw, 1024px\" \/><\/figure><\/div>\n","protected":false},"excerpt":{"rendered":"<p>Produit d&rsquo;origine Schabziger St\u00f6ckli \u2013l\u2019original Le l\u00e9gendaire Schabziger St\u00f6ckli est unique au monde, savoureux et plein de caract\u00e8re \u2013 simplement \u00ab uurw\u00fcrzig guet \u00bb. Cette sp\u00e9cialit\u00e9 Glarner est sans lactose, sans mati\u00e8res grasses, riche en prot\u00e9ines et v\u00e9g\u00e9tarienne. Id\u00e9al r\u00e2p\u00e9 sur des p\u00e2tes, des pommes de terre ou du pain. Au magasin &gt; Salut Glaronais [&hellip;]<\/p>\n","protected":false},"author":2,"featured_media":1346,"parent":0,"menu_order":2,"comment_status":"closed","ping_status":"closed","template":"","meta":{"_acf_changed":false,"inline_featured_image":false,"footnotes":""},"class_list":["post-1367","page","type-page","status-publish","has-post-thumbnail","hentry"],"acf":[],"yoast_head":"<!-- This site is optimized with the Yoast SEO plugin v27.5 - https:\/\/yoast.com\/product\/yoast-seo-wordpress\/ -->\n<title>Nos produits - Schabziger<\/title>\n<meta name=\"robots\" content=\"index, follow, max-snippet:-1, max-image-preview:large, max-video-preview:-1\" \/>\n<link rel=\"canonical\" href=\"https:\/\/schabziger.ch\/fr\/des-produits\/\" \/>\n<meta property=\"og:locale\" content=\"fr_FR\" \/>\n<meta property=\"og:type\" content=\"article\" \/>\n<meta property=\"og:title\" content=\"Nos produits - Schabziger\" \/>\n<meta property=\"og:description\" content=\"Produit d&rsquo;origine Schabziger St\u00f6ckli \u2013l\u2019original Le l\u00e9gendaire Schabziger St\u00f6ckli est unique au monde, savoureux et plein de caract\u00e8re \u2013 simplement \u00ab uurw\u00fcrzig guet \u00bb. Cette sp\u00e9cialit\u00e9 Glarner est sans lactose, sans mati\u00e8res grasses, riche en prot\u00e9ines et v\u00e9g\u00e9tarienne. Id\u00e9al r\u00e2p\u00e9 sur des p\u00e2tes, des pommes de terre ou du pain. Au magasin &gt; Salut Glaronais [&hellip;]\" \/>\n<meta property=\"og:url\" content=\"https:\/\/schabziger.ch\/fr\/des-produits\/\" \/>\n<meta property=\"og:site_name\" content=\"Schabziger\" \/>\n<meta property=\"article:modified_time\" content=\"2026-04-08T13:08:13+00:00\" \/>\n<meta property=\"og:image\" content=\"https:\/\/schabziger.ch\/wp-content\/uploads\/2022\/06\/gsz_00_header_produkte_1-scaled.jpg\" \/>\n\t<meta property=\"og:image:width\" content=\"2560\" \/>\n\t<meta property=\"og:image:height\" content=\"853\" \/>\n\t<meta property=\"og:image:type\" content=\"image\/jpeg\" \/>\n<meta name=\"twitter:card\" content=\"summary_large_image\" \/>\n<meta name=\"twitter:label1\" content=\"Dur\u00e9e de lecture estim\u00e9e\" \/>\n\t<meta name=\"twitter:data1\" content=\"5 minutes\" \/>\n<script type=\"application\/ld+json\" class=\"yoast-schema-graph\">{\"@context\":\"https:\\\/\\\/schema.org\",\"@graph\":[{\"@type\":\"WebPage\",\"@id\":\"https:\\\/\\\/schabziger.ch\\\/fr\\\/des-produits\\\/\",\"url\":\"https:\\\/\\\/schabziger.ch\\\/fr\\\/des-produits\\\/\",\"name\":\"Nos produits - Schabziger\",\"isPartOf\":{\"@id\":\"https:\\\/\\\/schabziger.ch\\\/fr\\\/#website\"},\"primaryImageOfPage\":{\"@id\":\"https:\\\/\\\/schabziger.ch\\\/fr\\\/des-produits\\\/#primaryimage\"},\"image\":{\"@id\":\"https:\\\/\\\/schabziger.ch\\\/fr\\\/des-produits\\\/#primaryimage\"},\"thumbnailUrl\":\"https:\\\/\\\/schabziger.ch\\\/wp-content\\\/uploads\\\/2022\\\/06\\\/gsz_00_header_produkte_1-scaled.jpg\",\"datePublished\":\"2022-05-25T11:13:04+00:00\",\"dateModified\":\"2026-04-08T13:08:13+00:00\",\"breadcrumb\":{\"@id\":\"https:\\\/\\\/schabziger.ch\\\/fr\\\/des-produits\\\/#breadcrumb\"},\"inLanguage\":\"fr-FR\",\"potentialAction\":[{\"@type\":\"ReadAction\",\"target\":[\"https:\\\/\\\/schabziger.ch\\\/fr\\\/des-produits\\\/\"]}]},{\"@type\":\"ImageObject\",\"inLanguage\":\"fr-FR\",\"@id\":\"https:\\\/\\\/schabziger.ch\\\/fr\\\/des-produits\\\/#primaryimage\",\"url\":\"https:\\\/\\\/schabziger.ch\\\/wp-content\\\/uploads\\\/2022\\\/06\\\/gsz_00_header_produkte_1-scaled.jpg\",\"contentUrl\":\"https:\\\/\\\/schabziger.ch\\\/wp-content\\\/uploads\\\/2022\\\/06\\\/gsz_00_header_produkte_1-scaled.jpg\",\"width\":2560,\"height\":853},{\"@type\":\"BreadcrumbList\",\"@id\":\"https:\\\/\\\/schabziger.ch\\\/fr\\\/des-produits\\\/#breadcrumb\",\"itemListElement\":[{\"@type\":\"ListItem\",\"position\":1,\"name\":\"Startseite\",\"item\":\"https:\\\/\\\/schabziger.ch\\\/fr\\\/\"},{\"@type\":\"ListItem\",\"position\":2,\"name\":\"Nos produits\"}]},{\"@type\":\"WebSite\",\"@id\":\"https:\\\/\\\/schabziger.ch\\\/fr\\\/#website\",\"url\":\"https:\\\/\\\/schabziger.ch\\\/fr\\\/\",\"name\":\"Schabziger\",\"description\":\"Uurw\u00fcrzig guet\",\"potentialAction\":[{\"@type\":\"SearchAction\",\"target\":{\"@type\":\"EntryPoint\",\"urlTemplate\":\"https:\\\/\\\/schabziger.ch\\\/fr\\\/?s={search_term_string}\"},\"query-input\":{\"@type\":\"PropertyValueSpecification\",\"valueRequired\":true,\"valueName\":\"search_term_string\"}}],\"inLanguage\":\"fr-FR\"}]}<\/script>\n<!-- \/ Yoast SEO plugin. -->","yoast_head_json":{"title":"Nos produits - Schabziger","robots":{"index":"index","follow":"follow","max-snippet":"max-snippet:-1","max-image-preview":"max-image-preview:large","max-video-preview":"max-video-preview:-1"},"canonical":"https:\/\/schabziger.ch\/fr\/des-produits\/","og_locale":"fr_FR","og_type":"article","og_title":"Nos produits - Schabziger","og_description":"Produit d&rsquo;origine Schabziger St\u00f6ckli \u2013l\u2019original Le l\u00e9gendaire Schabziger St\u00f6ckli est unique au monde, savoureux et plein de caract\u00e8re \u2013 simplement \u00ab uurw\u00fcrzig guet \u00bb. Cette sp\u00e9cialit\u00e9 Glarner est sans lactose, sans mati\u00e8res grasses, riche en prot\u00e9ines et v\u00e9g\u00e9tarienne. Id\u00e9al r\u00e2p\u00e9 sur des p\u00e2tes, des pommes de terre ou du pain. Au magasin &gt; Salut Glaronais [&hellip;]","og_url":"https:\/\/schabziger.ch\/fr\/des-produits\/","og_site_name":"Schabziger","article_modified_time":"2026-04-08T13:08:13+00:00","og_image":[{"width":2560,"height":853,"url":"https:\/\/schabziger.ch\/wp-content\/uploads\/2022\/06\/gsz_00_header_produkte_1-scaled.jpg","type":"image\/jpeg"}],"twitter_card":"summary_large_image","twitter_misc":{"Dur\u00e9e de lecture estim\u00e9e":"5 minutes"},"schema":{"@context":"https:\/\/schema.org","@graph":[{"@type":"WebPage","@id":"https:\/\/schabziger.ch\/fr\/des-produits\/","url":"https:\/\/schabziger.ch\/fr\/des-produits\/","name":"Nos produits - Schabziger","isPartOf":{"@id":"https:\/\/schabziger.ch\/fr\/#website"},"primaryImageOfPage":{"@id":"https:\/\/schabziger.ch\/fr\/des-produits\/#primaryimage"},"image":{"@id":"https:\/\/schabziger.ch\/fr\/des-produits\/#primaryimage"},"thumbnailUrl":"https:\/\/schabziger.ch\/wp-content\/uploads\/2022\/06\/gsz_00_header_produkte_1-scaled.jpg","datePublished":"2022-05-25T11:13:04+00:00","dateModified":"2026-04-08T13:08:13+00:00","breadcrumb":{"@id":"https:\/\/schabziger.ch\/fr\/des-produits\/#breadcrumb"},"inLanguage":"fr-FR","potentialAction":[{"@type":"ReadAction","target":["https:\/\/schabziger.ch\/fr\/des-produits\/"]}]},{"@type":"ImageObject","inLanguage":"fr-FR","@id":"https:\/\/schabziger.ch\/fr\/des-produits\/#primaryimage","url":"https:\/\/schabziger.ch\/wp-content\/uploads\/2022\/06\/gsz_00_header_produkte_1-scaled.jpg","contentUrl":"https:\/\/schabziger.ch\/wp-content\/uploads\/2022\/06\/gsz_00_header_produkte_1-scaled.jpg","width":2560,"height":853},{"@type":"BreadcrumbList","@id":"https:\/\/schabziger.ch\/fr\/des-produits\/#breadcrumb","itemListElement":[{"@type":"ListItem","position":1,"name":"Startseite","item":"https:\/\/schabziger.ch\/fr\/"},{"@type":"ListItem","position":2,"name":"Nos produits"}]},{"@type":"WebSite","@id":"https:\/\/schabziger.ch\/fr\/#website","url":"https:\/\/schabziger.ch\/fr\/","name":"Schabziger","description":"Uurw\u00fcrzig guet","potentialAction":[{"@type":"SearchAction","target":{"@type":"EntryPoint","urlTemplate":"https:\/\/schabziger.ch\/fr\/?s={search_term_string}"},"query-input":{"@type":"PropertyValueSpecification","valueRequired":true,"valueName":"search_term_string"}}],"inLanguage":"fr-FR"}]}},"_links":{"self":[{"href":"https:\/\/schabziger.ch\/fr\/wp-json\/wp\/v2\/pages\/1367","targetHints":{"allow":["GET"]}}],"collection":[{"href":"https:\/\/schabziger.ch\/fr\/wp-json\/wp\/v2\/pages"}],"about":[{"href":"https:\/\/schabziger.ch\/fr\/wp-json\/wp\/v2\/types\/page"}],"author":[{"embeddable":true,"href":"https:\/\/schabziger.ch\/fr\/wp-json\/wp\/v2\/users\/2"}],"replies":[{"embeddable":true,"href":"https:\/\/schabziger.ch\/fr\/wp-json\/wp\/v2\/comments?post=1367"}],"version-history":[{"count":29,"href":"https:\/\/schabziger.ch\/fr\/wp-json\/wp\/v2\/pages\/1367\/revisions"}],"predecessor-version":[{"id":4758,"href":"https:\/\/schabziger.ch\/fr\/wp-json\/wp\/v2\/pages\/1367\/revisions\/4758"}],"wp:featuredmedia":[{"embeddable":true,"href":"https:\/\/schabziger.ch\/fr\/wp-json\/wp\/v2\/media\/1346"}],"wp:attachment":[{"href":"https:\/\/schabziger.ch\/fr\/wp-json\/wp\/v2\/media?parent=1367"}],"curies":[{"name":"wp","href":"https:\/\/api.w.org\/{rel}","templated":true}]}}